{"id":4848,"date":"2024-03-29T10:16:53","date_gmt":"2024-03-29T15:16:53","guid":{"rendered":"https:\/\/gruposumyteck.com\/?page_id=4848"},"modified":"2025-04-19T18:15:57","modified_gmt":"2025-04-19T23:15:57","slug":"ventilacion-industrial","status":"publish","type":"page","link":"https:\/\/gruposumyteck.com\/?page_id=4848","title":{"rendered":"Ventilaci\u00f3n Forzada"},"content":{"rendered":"\n[et_pb_section fb_built=\u00bb1&#8243; custom_padding_last_edited=\u00bbon|desktop\u00bb _builder_version=\u00bb4.3.1&#8243; custom_margin=\u00bb-25px|0px|0px|0px|false|false\u00bb custom_margin_tablet=\u00bb-29px||||false|false\u00bb custom_margin_phone=\u00bb-29px||||false|false\u00bb custom_margin_last_edited=\u00bbon|phone\u00bb custom_padding=\u00bb0px||0px||false|false\u00bb custom_padding_tablet=\u00bb||10px||false|false\u00bb custom_padding_phone=\u00bb0px||||false|false\u00bb top_divider_height=\u00bb0px\u00bb][et_pb_row use_custom_gutter=\u00bbon\u00bb _builder_version=\u00bb4.3.1&#8243; width=\u00bb100%\u00bb hover_enabled=\u00bb0&#8243; disabled_on=\u00bbon|off|off\u00bb][et_pb_column type=\u00bb4_4&#8243; _builder_version=\u00bb4.3.1&#8243;][et_pb_nextend_smart_slider_3 slider=\u00bb11&#8243; _builder_version=\u00bb4.3.1&#8243;][\/et_pb_nextend_smart_slider_3][\/et_pb_column][\/et_pb_row][et_pb_row use_custom_gutter=\u00bbon\u00bb _builder_version=\u00bb4.3.1&#8243; width=\u00bb100%\u00bb hover_enabled=\u00bb0&#8243; disabled_on=\u00bboff|on|on\u00bb][et_pb_column type=\u00bb4_4&#8243; _builder_version=\u00bb4.3.1&#8243;][et_pb_nextend_smart_slider_3 slider=\u00bb26&#8243; _builder_version=\u00bb4.3.1&#8243; hover_enabled=\u00bb0&#8243;][\/et_pb_nextend_smart_slider_3][\/et_pb_column][\/et_pb_row][et_pb_row use_custom_gutter=\u00bbon\u00bb _builder_version=\u00bb4.3.1&#8243; width=\u00bb95%\u00bb max_width=\u00bb1920px\u00bb custom_padding=\u00bb13px||5px|||\u00bb][et_pb_column type=\u00bb4_4&#8243; _builder_version=\u00bb4.3.1&#8243;][et_pb_text _builder_version=\u00bb4.3.1&#8243;]<h1 style=\"text-align: center;\"><strong>MONTAJE DE PROYECTOS DE VENTILACI\u00d3N INDUSTRIAL<\/strong><\/h1>[\/et_pb_text][\/et_pb_column][\/et_pb_row][et_pb_row use_custom_gutter=\u00bbon\u00bb _builder_version=\u00bb4.3.1&#8243; width=\u00bb95%\u00bb max_width=\u00bb1920px\u00bb custom_padding=\u00bb5px|||||\u00bb][et_pb_column type=\u00bb4_4&#8243; _builder_version=\u00bb4.3.1&#8243;][et_pb_cta title=\u00bbSuministro e instalaci\u00f3n de equipos de ventilaci\u00f3n\u00bb url_new_window=\u00bbon\u00bb button_text=\u00bb\u00a1Solicite su cotizaci\u00f3n!\u00bb _builder_version=\u00bb4.3.1&#8243; header_font=\u00bbBitter|700|||||||\u00bb header_font_size=\u00bb32px\u00bb header_line_height=\u00bb1.2em\u00bb body_font_size=\u00bb16px\u00bb body_line_height=\u00bb1.6em\u00bb use_background_color=\u00bboff\u00bb custom_button=\u00bbon\u00bb button_text_size=\u00bb18px\u00bb button_text_color=\u00bb#ffffff\u00bb button_bg_color=\u00bb#F49902&#8243; button_border_width=\u00bb0px\u00bb button_border_radius=\u00bb5px\u00bb button_font=\u00bb|600|||||||\u00bb button_icon=\u00bb%%24%%\u00bb button_alignment=\u00bbcenter\u00bb background_layout=\u00bblight\u00bb custom_margin=\u00bb0px||||false|false\u00bb custom_padding=\u00bb||0px|||\u00bb button_text_shadow_style=\u00bbpreset1&#8243; button_text_shadow_horizontal_length=\u00bb0.1em\u00bb box_shadow_style_button=\u00bbpreset2&#8243;]<p style=\"text-align: justify;\">Grupo Sumyteck SAS, ofrece siempre una buena soluci\u00f3n a sus necesidades de\u00a0ventilaci\u00f3n. Calor, polvo, humo, gases, condensaciones, olores, etc. En todo tipo de vol\u00famenes, bodegas, naves industriales, talleres, almacenes, polideportivos, granjas, invernaderos, oficinas, edificios, garajes, etc.; dando una soluci\u00f3n perfecta a cada necesidad.<\/p>[\/et_pb_cta][wdcl_image_carousel _builder_version=\u00bb4.3.1&#8243; hover_enabled=\u00bb0&#8243; max_width_last_edited=\u00bbon|phone\u00bb max_width_phone=\u00bb\u00bb min_height_last_edited=\u00bboff|phone\u00bb height_last_edited=\u00bbon|phone\u00bb height_phone=\u00bb\u00bb carousel_spacing_bottom_last_edited=\u00bbon|phone\u00bb carousel_spacing_bottom_phone=\u00bb0px\u00bb arrow_color=\u00bb#333333&#8243; arrow_bg=\u00bb#dddddd\u00bb arrow_border_color=\u00bb#333333&#8243; arrow_pos_y_last_edited=\u00bbon|phone\u00bb arrow_pos_y_phone=\u00bb50%\u00bb width=\u00bb100%\u00bb width_last_edited=\u00bbon|desktop\u00bb width_phone=\u00bb300%\u00bb][wdcl_image_carousel_child photo=\u00bbhttps:\/\/gruposumyteck.com\/wp-content\/uploads\/2024\/05\/ventilacion_1.jpg\u00bb _builder_version=\u00bb4.3.1&#8243; hover_enabled=\u00bb0&#8243;][\/wdcl_image_carousel_child][wdcl_image_carousel_child photo=\u00bbhttps:\/\/gruposumyteck.com\/wp-content\/uploads\/2024\/05\/ventilacion_2.jpg\u00bb _builder_version=\u00bb4.3.1&#8243;][\/wdcl_image_carousel_child][wdcl_image_carousel_child photo=\u00bbhttps:\/\/gruposumyteck.com\/wp-content\/uploads\/2024\/05\/ventilacion_3.jpg\u00bb _builder_version=\u00bb4.3.1&#8243;][\/wdcl_image_carousel_child][wdcl_image_carousel_child photo=\u00bbhttps:\/\/gruposumyteck.com\/wp-content\/uploads\/2024\/05\/ventilacion_4.jpg\u00bb _builder_version=\u00bb4.3.1&#8243;][\/wdcl_image_carousel_child][wdcl_image_carousel_child photo=\u00bbhttps:\/\/gruposumyteck.com\/wp-content\/uploads\/2024\/05\/ventilacion_5.jpg\u00bb _builder_version=\u00bb4.3.1&#8243;][\/wdcl_image_carousel_child][wdcl_image_carousel_child photo=\u00bbhttps:\/\/gruposumyteck.com\/wp-content\/uploads\/2024\/05\/ventilacion_6.jpg\u00bb _builder_version=\u00bb4.3.1&#8243;][\/wdcl_image_carousel_child][wdcl_image_carousel_child photo=\u00bbhttps:\/\/gruposumyteck.com\/wp-content\/uploads\/2024\/05\/ventilacion_7.jpg\u00bb _builder_version=\u00bb4.3.1&#8243;][\/wdcl_image_carousel_child][wdcl_image_carousel_child photo=\u00bbhttps:\/\/gruposumyteck.com\/wp-content\/uploads\/2024\/05\/ventilacion_8.jpg\u00bb _builder_version=\u00bb4.3.1&#8243;][\/wdcl_image_carousel_child][wdcl_image_carousel_child photo=\u00bbhttps:\/\/gruposumyteck.com\/wp-content\/uploads\/2024\/05\/ventilacion_9.jpg\u00bb _builder_version=\u00bb4.3.1&#8243;][\/wdcl_image_carousel_child][wdcl_image_carousel_child photo=\u00bbhttps:\/\/gruposumyteck.com\/wp-content\/uploads\/2024\/05\/ventilacion_10.jpg\u00bb _builder_version=\u00bb4.3.1&#8243;][\/wdcl_image_carousel_child][wdcl_image_carousel_child photo=\u00bbhttps:\/\/gruposumyteck.com\/wp-content\/uploads\/2024\/05\/ventilacion_11.jpg\u00bb _builder_version=\u00bb4.3.1&#8243;][\/wdcl_image_carousel_child][wdcl_image_carousel_child photo=\u00bbhttps:\/\/gruposumyteck.com\/wp-content\/uploads\/2024\/05\/ventilacion_12.jpg\u00bb _builder_version=\u00bb4.3.1&#8243;][\/wdcl_image_carousel_child][\/wdcl_image_carousel][et_pb_cta button_url=\u00bbhttp:\/\/wa.link\/wdhkfd\u00bb url_new_window=\u00bbon\u00bb button_text=\u00bb\u00a1Solicite su cotizaci\u00f3n!\u00bb _builder_version=\u00bb4.3.1&#8243; header_level=\u00bbh1&#8243; header_font=\u00bbBitter|700|||||||\u00bb header_font_size=\u00bb32px\u00bb header_line_height=\u00bb1.2em\u00bb body_font_size=\u00bb16px\u00bb body_line_height=\u00bb1.6em\u00bb use_background_color=\u00bboff\u00bb custom_button=\u00bbon\u00bb button_text_size=\u00bb18px\u00bb button_text_color=\u00bb#ffffff\u00bb button_bg_color=\u00bb#F49902&#8243; button_border_width=\u00bb0px\u00bb button_border_radius=\u00bb5px\u00bb button_font=\u00bb|600|||||||\u00bb button_icon=\u00bb%%24%%\u00bb button_alignment=\u00bbcenter\u00bb background_layout=\u00bblight\u00bb custom_margin=\u00bb0px||||false|false\u00bb button_text_shadow_style=\u00bbpreset1&#8243; button_text_shadow_horizontal_length=\u00bb0.1em\u00bb box_shadow_style_button=\u00bbpreset2&#8243;]<p style=\"text-align: justify;\">Suministramos, instalamos y realizamos\u00a0<strong>mantenimiento de ventiladores industriales<\/strong>\u00a0de baja, media y alta presi\u00f3n para diferentes aplicaciones. En este campo contamos con una alianza con una empresa espa\u00f1ola dedicada exclusivamente a la fabricaci\u00f3n de ventiladores, por tal motivo ofrecemos los mejores precios del mercado, un stock permanente, y un respaldo continuo.<\/p>\n<p style=\"text-align: justify; padding-left: 30px;\"><strong>Ejecutamos proyectos de:<\/strong><\/p>\n<ul>\n<li style=\"text-align: justify;\">\n<blockquote style=\"margin: 0 0 0 40px; border: none; padding: 0px;\">\n<p><strong><span style=\"color: #993300;\">Extracci\u00f3n e\u00f3lica.<\/span><\/strong><\/p>\n<\/blockquote>\n<\/li>\n<li style=\"text-align: justify;\">\n<blockquote style=\"margin: 0 0 0 40px; border: none; padding: 0px;\">\n<p><strong><span style=\"color: #993300;\">Sistemas de ventilaci\u00f3n.<\/span><\/strong><\/p>\n<\/blockquote>\n<\/li>\n<li style=\"text-align: justify;\">\n<blockquote style=\"margin: 0 0 0 40px; border: none; padding: 0px;\">\n<p><strong><span style=\"color: #993300;\">Evacuaci\u00f3n de gases.<\/span><\/strong><\/p>\n<\/blockquote>\n<\/li>\n<li style=\"text-align: justify;\">\n<blockquote style=\"margin: 0 0 0 40px; border: none; padding: 0px;\">\n<p><strong><span style=\"color: #993300;\">\u00c1reas limpias.<\/span><\/strong><\/p>\n<\/blockquote>\n<\/li>\n<li style=\"text-align: justify;\">\n<blockquote style=\"margin: 0 0 0 40px; border: none; padding: 0px;\">\n<p><strong><span style=\"color: #993300;\">Filtraci\u00f3n industrial.<\/span><\/strong><\/p>\n<\/blockquote>\n<\/li>\n<li style=\"text-align: justify;\">\n<blockquote style=\"margin: 0 0 0 40px; border: none; padding: 0px;\">\n<p><strong><span style=\"color: #993300;\">Extracci\u00f3n de cocinas.<\/span><\/strong><\/p>\n<\/blockquote>\n<\/li>\n<li style=\"text-align: justify;\">\n<blockquote style=\"margin: 0 0 0 40px; border: none; padding: 0px;\">\n<p><strong><span style=\"color: #993300;\">Extracci\u00f3n parqueaderos.<\/span><\/strong><\/p>\n<\/blockquote>\n<\/li>\n<li style=\"text-align: justify;\">\n<blockquote style=\"margin: 0 0 0 40px; border: none; padding: 0px;\">\n<p><strong><span style=\"color: #993300;\">Extractores de gravedad<\/span><\/strong><\/p>\n<\/blockquote>\n<\/li>\n<\/ul>\n<p style=\"text-align: justify;\">Ejecutamos\u00a0<strong>proyectos<\/strong>\u00a0desde el dise\u00f1o del mismo hasta el montaje, calculo de cargas, vol\u00famenes de aire, renovaciones hora, para todo sistema de <strong>suministro y\u00a0extracci\u00f3n de aire con o sin filtraci\u00f3n y pre filtraci\u00f3n<\/strong>. Garantizando que luego de instalados los sistemas de ventilaci\u00f3n mejoraran las condiciones de confort e higiene de las a\u00e9reas ventiladas.<br \/> Tenemos equipos de Ventilaci\u00f3n Industrial axiales, centr\u00edfugos, e\u00f3licos, cajas de ventilaci\u00f3n y cortinas de aire, tambien fabricamos todos los accesorios para el proyecto de ventilaci\u00f3n (ducteria galvanizada, rejillas y difusores, prefiltros de aire).<\/p>\n<p style=\"text-align: justify;\">Fabricamos\u00a0<strong>Extractores E\u00f3licos<\/strong>, equipos ideal es para liberar calor, humos, vapores y gases en suspensi\u00f3n, en; almacenes, bodegas industriales, \u00e1ticos, bodegas, talleres, etc., adem\u00e1s de permitir la salida de aire en sistemas donde la inyecci\u00f3n de aire es positiva.<\/p>\n<p style=\"text-align: justify;\">[\/et_pb_cta][\/et_pb_column][\/et_pb_row][\/et_pb_section]\n","protected":false},"excerpt":{"rendered":"<p>Suministramos, instalamos y realizamos mantenimiento de ventiladores industriales de baja, media y alta presi\u00f3n para diferentes aplicaciones.<\/p>\n","protected":false},"author":1,"featured_media":4657,"parent":0,"menu_order":0,"comment_status":"closed","ping_status":"closed","template":"","meta":{"_et_pb_use_builder":"on","_et_pb_old_content":"","_et_gb_content_width":"","footnotes":""},"class_list":["post-4848","page","type-page","status-publish","has-post-thumbnail","hentry"],"yoast_head":"<!-- This site is optimized with the Yoast SEO plugin v27.5 - https:\/\/yoast.com\/product\/yoast-seo-wordpress\/ -->\n<title>\u2705Ventilaci\u00f3n industrial Montaje Proyectos \u2714<\/title>\n<meta name=\"description\" content=\"Ventilaci\u00f3n industrial Montaje Proyectos, instalamos y realizamos mantenimiento de ventiladores industriales para diferentes aplicaciones.\" \/>\n<meta name=\"robots\" content=\"index, follow, max-snippet:-1, max-image-preview:large, max-video-preview:-1\" \/>\n<link rel=\"canonical\" href=\"https:\/\/gruposumyteck.com\/?page_id=4848\" \/>\n<meta property=\"og:locale\" content=\"es_ES\" \/>\n<meta property=\"og:type\" content=\"article\" \/>\n<meta property=\"og:title\" content=\"\u2705Ventilaci\u00f3n industrial Montaje Proyectos \u2714\" \/>\n<meta property=\"og:description\" content=\"Ventilaci\u00f3n industrial Montaje Proyectos, instalamos y realizamos mantenimiento de ventiladores industriales para diferentes aplicaciones.\" \/>\n<meta property=\"og:url\" content=\"https:\/\/gruposumyteck.com\/?page_id=4848\" \/>\n<meta property=\"og:site_name\" content=\"Grupo Sumyteck SAS\" \/>\n<meta property=\"article:publisher\" content=\"https:\/\/es-la.facebook.com\/SumyteckSAS\/\" \/>\n<meta property=\"article:modified_time\" content=\"2025-04-19T23:15:57+00:00\" \/>\n<meta property=\"og:image\" content=\"https:\/\/gruposumyteck.com\/wp-content\/uploads\/2024\/03\/Equipos_slider_2.jpg\" \/>\n\t<meta property=\"og:image:width\" content=\"300\" \/>\n\t<meta property=\"og:image:height\" content=\"350\" \/>\n\t<meta property=\"og:image:type\" content=\"image\/jpeg\" \/>\n<meta name=\"twitter:card\" content=\"summary_large_image\" \/>\n<meta name=\"twitter:site\" content=\"@Sumyteck\" \/>\n<meta name=\"twitter:label1\" content=\"Tiempo de lectura\" \/>\n\t<meta name=\"twitter:data1\" content=\"4 minutos\" \/>\n<script type=\"application\/ld+json\" class=\"yoast-schema-graph\">{\"@context\":\"https:\\\/\\\/schema.org\",\"@graph\":[{\"@type\":\"WebPage\",\"@id\":\"https:\\\/\\\/gruposumyteck.com\\\/?page_id=4848\",\"url\":\"https:\\\/\\\/gruposumyteck.com\\\/?page_id=4848\",\"name\":\"\u2705Ventilaci\u00f3n industrial Montaje Proyectos \u2714\",\"isPartOf\":{\"@id\":\"https:\\\/\\\/gruposumyteck.com\\\/#website\"},\"primaryImageOfPage\":{\"@id\":\"https:\\\/\\\/gruposumyteck.com\\\/?page_id=4848#primaryimage\"},\"image\":{\"@id\":\"https:\\\/\\\/gruposumyteck.com\\\/?page_id=4848#primaryimage\"},\"thumbnailUrl\":\"https:\\\/\\\/gruposumyteck.com\\\/wp-content\\\/uploads\\\/2024\\\/03\\\/Equipos_slider_2.jpg\",\"datePublished\":\"2024-03-29T15:16:53+00:00\",\"dateModified\":\"2025-04-19T23:15:57+00:00\",\"description\":\"Ventilaci\u00f3n industrial Montaje Proyectos, instalamos y realizamos mantenimiento de ventiladores industriales para diferentes aplicaciones.\",\"breadcrumb\":{\"@id\":\"https:\\\/\\\/gruposumyteck.com\\\/?page_id=4848#breadcrumb\"},\"inLanguage\":\"es\",\"potentialAction\":[{\"@type\":\"ReadAction\",\"target\":[\"https:\\\/\\\/gruposumyteck.com\\\/?page_id=4848\"]}]},{\"@type\":\"ImageObject\",\"inLanguage\":\"es\",\"@id\":\"https:\\\/\\\/gruposumyteck.com\\\/?page_id=4848#primaryimage\",\"url\":\"https:\\\/\\\/gruposumyteck.com\\\/wp-content\\\/uploads\\\/2024\\\/03\\\/Equipos_slider_2.jpg\",\"contentUrl\":\"https:\\\/\\\/gruposumyteck.com\\\/wp-content\\\/uploads\\\/2024\\\/03\\\/Equipos_slider_2.jpg\",\"width\":300,\"height\":350,\"caption\":\"Equipos de ventilaci\u00f3n soler y palau\"},{\"@type\":\"BreadcrumbList\",\"@id\":\"https:\\\/\\\/gruposumyteck.com\\\/?page_id=4848#breadcrumb\",\"itemListElement\":[{\"@type\":\"ListItem\",\"position\":1,\"name\":\"Inicio\",\"item\":\"https:\\\/\\\/gruposumyteck.com\\\/\"},{\"@type\":\"ListItem\",\"position\":2,\"name\":\"Ventilaci\u00f3n Forzada\"}]},{\"@type\":\"WebSite\",\"@id\":\"https:\\\/\\\/gruposumyteck.com\\\/#website\",\"url\":\"https:\\\/\\\/gruposumyteck.com\\\/\",\"name\":\"Grupo Sumyteck SAS\",\"description\":\"La mejor selecci\u00f3n de productos para ventilaci\u00f3n: extractores de aire, ventiladores industriales, ductos, compuertas, rejillas, filtros y controladores\",\"publisher\":{\"@id\":\"https:\\\/\\\/gruposumyteck.com\\\/#organization\"},\"alternateName\":\"gruposumyteck.com\",\"potentialAction\":[{\"@type\":\"SearchAction\",\"target\":{\"@type\":\"EntryPoint\",\"urlTemplate\":\"https:\\\/\\\/gruposumyteck.com\\\/?s={search_term_string}\"},\"query-input\":{\"@type\":\"PropertyValueSpecification\",\"valueRequired\":true,\"valueName\":\"search_term_string\"}}],\"inLanguage\":\"es\"},{\"@type\":\"Organization\",\"@id\":\"https:\\\/\\\/gruposumyteck.com\\\/#organization\",\"name\":\"Grupo Sumyteck SAS\",\"alternateName\":\"gruposumyteck.com\",\"url\":\"https:\\\/\\\/gruposumyteck.com\\\/\",\"logo\":{\"@type\":\"ImageObject\",\"inLanguage\":\"es\",\"@id\":\"https:\\\/\\\/gruposumyteck.com\\\/#\\\/schema\\\/logo\\\/image\\\/\",\"url\":\"https:\\\/\\\/gruposumyteck.com\\\/wp-content\\\/uploads\\\/2024\\\/03\\\/Favicon.png\",\"contentUrl\":\"https:\\\/\\\/gruposumyteck.com\\\/wp-content\\\/uploads\\\/2024\\\/03\\\/Favicon.png\",\"width\":384,\"height\":384,\"caption\":\"Grupo Sumyteck SAS\"},\"image\":{\"@id\":\"https:\\\/\\\/gruposumyteck.com\\\/#\\\/schema\\\/logo\\\/image\\\/\"},\"sameAs\":[\"https:\\\/\\\/es-la.facebook.com\\\/SumyteckSAS\\\/\",\"https:\\\/\\\/x.com\\\/Sumyteck\",\"https:\\\/\\\/www.youtube.com\\\/channel\\\/UCoHQzJTzEsi317O4N3k9Zbw\",\"https:\\\/\\\/www.instagram.com\\\/gruposumyteck\\\/\"]}]}<\/script>\n<!-- \/ Yoast SEO plugin. -->","yoast_head_json":{"title":"\u2705Ventilaci\u00f3n industrial Montaje Proyectos \u2714","description":"Ventilaci\u00f3n industrial Montaje Proyectos, instalamos y realizamos mantenimiento de ventiladores industriales para diferentes aplicaciones.","robots":{"index":"index","follow":"follow","max-snippet":"max-snippet:-1","max-image-preview":"max-image-preview:large","max-video-preview":"max-video-preview:-1"},"canonical":"https:\/\/gruposumyteck.com\/?page_id=4848","og_locale":"es_ES","og_type":"article","og_title":"\u2705Ventilaci\u00f3n industrial Montaje Proyectos \u2714","og_description":"Ventilaci\u00f3n industrial Montaje Proyectos, instalamos y realizamos mantenimiento de ventiladores industriales para diferentes aplicaciones.","og_url":"https:\/\/gruposumyteck.com\/?page_id=4848","og_site_name":"Grupo Sumyteck SAS","article_publisher":"https:\/\/es-la.facebook.com\/SumyteckSAS\/","article_modified_time":"2025-04-19T23:15:57+00:00","og_image":[{"width":300,"height":350,"url":"https:\/\/gruposumyteck.com\/wp-content\/uploads\/2024\/03\/Equipos_slider_2.jpg","type":"image\/jpeg"}],"twitter_card":"summary_large_image","twitter_site":"@Sumyteck","twitter_misc":{"Tiempo de lectura":"4 minutos"},"schema":{"@context":"https:\/\/schema.org","@graph":[{"@type":"WebPage","@id":"https:\/\/gruposumyteck.com\/?page_id=4848","url":"https:\/\/gruposumyteck.com\/?page_id=4848","name":"\u2705Ventilaci\u00f3n industrial Montaje Proyectos \u2714","isPartOf":{"@id":"https:\/\/gruposumyteck.com\/#website"},"primaryImageOfPage":{"@id":"https:\/\/gruposumyteck.com\/?page_id=4848#primaryimage"},"image":{"@id":"https:\/\/gruposumyteck.com\/?page_id=4848#primaryimage"},"thumbnailUrl":"https:\/\/gruposumyteck.com\/wp-content\/uploads\/2024\/03\/Equipos_slider_2.jpg","datePublished":"2024-03-29T15:16:53+00:00","dateModified":"2025-04-19T23:15:57+00:00","description":"Ventilaci\u00f3n industrial Montaje Proyectos, instalamos y realizamos mantenimiento de ventiladores industriales para diferentes aplicaciones.","breadcrumb":{"@id":"https:\/\/gruposumyteck.com\/?page_id=4848#breadcrumb"},"inLanguage":"es","potentialAction":[{"@type":"ReadAction","target":["https:\/\/gruposumyteck.com\/?page_id=4848"]}]},{"@type":"ImageObject","inLanguage":"es","@id":"https:\/\/gruposumyteck.com\/?page_id=4848#primaryimage","url":"https:\/\/gruposumyteck.com\/wp-content\/uploads\/2024\/03\/Equipos_slider_2.jpg","contentUrl":"https:\/\/gruposumyteck.com\/wp-content\/uploads\/2024\/03\/Equipos_slider_2.jpg","width":300,"height":350,"caption":"Equipos de ventilaci\u00f3n soler y palau"},{"@type":"BreadcrumbList","@id":"https:\/\/gruposumyteck.com\/?page_id=4848#breadcrumb","itemListElement":[{"@type":"ListItem","position":1,"name":"Inicio","item":"https:\/\/gruposumyteck.com\/"},{"@type":"ListItem","position":2,"name":"Ventilaci\u00f3n Forzada"}]},{"@type":"WebSite","@id":"https:\/\/gruposumyteck.com\/#website","url":"https:\/\/gruposumyteck.com\/","name":"Grupo Sumyteck SAS","description":"La mejor selecci\u00f3n de productos para ventilaci\u00f3n: extractores de aire, ventiladores industriales, ductos, compuertas, rejillas, filtros y controladores","publisher":{"@id":"https:\/\/gruposumyteck.com\/#organization"},"alternateName":"gruposumyteck.com","potentialAction":[{"@type":"SearchAction","target":{"@type":"EntryPoint","urlTemplate":"https:\/\/gruposumyteck.com\/?s={search_term_string}"},"query-input":{"@type":"PropertyValueSpecification","valueRequired":true,"valueName":"search_term_string"}}],"inLanguage":"es"},{"@type":"Organization","@id":"https:\/\/gruposumyteck.com\/#organization","name":"Grupo Sumyteck SAS","alternateName":"gruposumyteck.com","url":"https:\/\/gruposumyteck.com\/","logo":{"@type":"ImageObject","inLanguage":"es","@id":"https:\/\/gruposumyteck.com\/#\/schema\/logo\/image\/","url":"https:\/\/gruposumyteck.com\/wp-content\/uploads\/2024\/03\/Favicon.png","contentUrl":"https:\/\/gruposumyteck.com\/wp-content\/uploads\/2024\/03\/Favicon.png","width":384,"height":384,"caption":"Grupo Sumyteck SAS"},"image":{"@id":"https:\/\/gruposumyteck.com\/#\/schema\/logo\/image\/"},"sameAs":["https:\/\/es-la.facebook.com\/SumyteckSAS\/","https:\/\/x.com\/Sumyteck","https:\/\/www.youtube.com\/channel\/UCoHQzJTzEsi317O4N3k9Zbw","https:\/\/www.instagram.com\/gruposumyteck\/"]}]}},"_links":{"self":[{"href":"https:\/\/gruposumyteck.com\/index.php?rest_route=\/wp\/v2\/pages\/4848","targetHints":{"allow":["GET"]}}],"collection":[{"href":"https:\/\/gruposumyteck.com\/index.php?rest_route=\/wp\/v2\/pages"}],"about":[{"href":"https:\/\/gruposumyteck.com\/index.php?rest_route=\/wp\/v2\/types\/page"}],"author":[{"embeddable":true,"href":"https:\/\/gruposumyteck.com\/index.php?rest_route=\/wp\/v2\/users\/1"}],"replies":[{"embeddable":true,"href":"https:\/\/gruposumyteck.com\/index.php?rest_route=%2Fwp%2Fv2%2Fcomments&post=4848"}],"version-history":[{"count":2,"href":"https:\/\/gruposumyteck.com\/index.php?rest_route=\/wp\/v2\/pages\/4848\/revisions"}],"predecessor-version":[{"id":6901,"href":"https:\/\/gruposumyteck.com\/index.php?rest_route=\/wp\/v2\/pages\/4848\/revisions\/6901"}],"wp:featuredmedia":[{"embeddable":true,"href":"https:\/\/gruposumyteck.com\/index.php?rest_route=\/wp\/v2\/media\/4657"}],"wp:attachment":[{"href":"https:\/\/gruposumyteck.com\/index.php?rest_route=%2Fwp%2Fv2%2Fmedia&parent=4848"}],"curies":[{"name":"wp","href":"https:\/\/api.w.org\/{rel}","templated":true}]}}